{"id":1328,"date":"2024-03-13T00:09:54","date_gmt":"2024-03-13T00:09:54","guid":{"rendered":"https:\/\/mariabecerra.live\/?page_id=1328"},"modified":"2025-12-23T13:42:26","modified_gmt":"2025-12-23T16:42:26","slug":"prensa","status":"publish","type":"page","link":"https:\/\/mariabecerra.live\/en\/prensa\/","title":{"rendered":"Press"},"content":{"rendered":"\t\t<div data-elementor-type=\"wp-page\" data-elementor-id=\"1328\" class=\"elementor elementor-1328\" data-elementor-post-type=\"page\">\n\t\t\t\t\t\t<section class=\"elementor-section elementor-top-section elementor-element elementor-element-5329104 elementor-section-height-min-height elementor-section-boxed elementor-section-height-default elementor-section-items-middle\" data-id=\"5329104\" data-element_type=\"section\" data-e-type=\"section\" data-settings=\"{&quot;jet_parallax_layout_list&quot;:[{&quot;_id&quot;:&quot;3dd7558&quot;,&quot;jet_parallax_layout_image&quot;:{&quot;url&quot;:&quot;&quot;,&quot;id&quot;:&quot;&quot;,&quot;size&quot;:&quot;&quot;},&quot;jet_parallax_layout_image_tablet&quot;:{&quot;url&quot;:&quot;&quot;,&quot;id&quot;:&quot;&quot;,&quot;size&quot;:&quot;&quot;},&quot;jet_parallax_layout_image_mobile&quot;:{&quot;url&quot;:&quot;&quot;,&quot;id&quot;:&quot;&quot;,&quot;size&quot;:&quot;&quot;},&quot;jet_parallax_layout_speed&quot;:{&quot;unit&quot;:&quot;%&quot;,&quot;size&quot;:50,&quot;sizes&quot;:[]},&quot;jet_parallax_layout_type&quot;:&quot;scroll&quot;,&quot;jet_parallax_layout_direction&quot;:null,&quot;jet_parallax_layout_fx_direction&quot;:null,&quot;jet_parallax_layout_z_index&quot;:&quot;&quot;,&quot;jet_parallax_layout_bg_x&quot;:50,&quot;jet_parallax_layout_bg_x_tablet&quot;:&quot;&quot;,&quot;jet_parallax_layout_bg_x_mobile&quot;:&quot;&quot;,&quot;jet_parallax_layout_bg_y&quot;:50,&quot;jet_parallax_layout_bg_y_tablet&quot;:&quot;&quot;,&quot;jet_parallax_layout_bg_y_mobile&quot;:&quot;&quot;,&quot;jet_parallax_layout_bg_size&quot;:&quot;auto&quot;,&quot;jet_parallax_layout_bg_size_tablet&quot;:&quot;&quot;,&quot;jet_parallax_layout_bg_size_mobile&quot;:&quot;&quot;,&quot;jet_parallax_layout_animation_prop&quot;:&quot;transform&quot;,&quot;jet_parallax_layout_on&quot;:[&quot;desktop&quot;,&quot;tablet&quot;]}],&quot;background_background&quot;:&quot;classic&quot;}\">\n\t\t\t\t\t\t\t<div class=\"elementor-background-overlay\"><\/div>\n\t\t\t\t\t\t\t<div class=\"elementor-container elementor-column-gap-wider\">\n\t\t\t\t\t<div class=\"elementor-column elementor-col-100 elementor-top-column elementor-element elementor-element-ecd0ce6\" data-id=\"ecd0ce6\" data-element_type=\"column\" data-e-type=\"column\">\n\t\t\t<div class=\"elementor-widget-wrap elementor-element-populated\">\n\t\t\t\t\t\t<div class=\"elementor-element elementor-element-8951e66 elementor-widget elementor-widget-spacer\" data-id=\"8951e66\" data-element_type=\"widget\" data-e-type=\"widget\" data-widget_type=\"spacer.default\">\n\t\t\t\t<div class=\"elementor-widget-container\">\n\t\t\t\t\t\t\t<div class=\"elementor-spacer\">\n\t\t\t<div class=\"elementor-spacer-inner\"><\/div>\n\t\t<\/div>\n\t\t\t\t\t\t<\/div>\n\t\t\t\t<\/div>\n\t\t\t\t<div class=\"elementor-element elementor-element-36fd0ca elementor-invisible elementor-widget elementor-widget-heading\" data-id=\"36fd0ca\" data-element_type=\"widget\" data-e-type=\"widget\" data-settings=\"{&quot;_animation&quot;:&quot;fadeInUp&quot;}\" data-widget_type=\"heading.default\">\n\t\t\t\t<div class=\"elementor-widget-container\">\n\t\t\t\t\t<h1 class=\"elementor-heading-title elementor-size-default\">PRENSA<\/h1>\t\t\t\t<\/div>\n\t\t\t\t<\/div>\n\t\t\t\t<div class=\"elementor-element elementor-element-947b412 elementor-widget elementor-widget-spacer\" data-id=\"947b412\" data-element_type=\"widget\" data-e-type=\"widget\" data-widget_type=\"spacer.default\">\n\t\t\t\t<div class=\"elementor-widget-container\">\n\t\t\t\t\t\t\t<div class=\"elementor-spacer\">\n\t\t\t<div class=\"elementor-spacer-inner\"><\/div>\n\t\t<\/div>\n\t\t\t\t\t\t<\/div>\n\t\t\t\t<\/div>\n\t\t\t\t<div class=\"elementor-element elementor-element-1b18877 elementor-widget elementor-widget-jet-carousel\" data-id=\"1b18877\" data-element_type=\"widget\" data-e-type=\"widget\" data-settings=\"{&quot;slides_to_show&quot;:&quot;3&quot;,&quot;slides_to_show_mobile&quot;:&quot;1&quot;,&quot;slides_to_scroll_mobile&quot;:&quot;1&quot;,&quot;slides_to_scroll&quot;:&quot;1&quot;}\" data-widget_type=\"jet-carousel.default\">\n\t\t\t\t<div class=\"elementor-widget-container\">\n\t\t\t\t\t<div class=\"elementor-jet-carousel jet-elements\"><div class=\"jet-carousel-wrap jet-equal-cols\">\n\t<div class=\"jet-carousel\" data-slider_options=\"{&quot;autoplaySpeed&quot;:5000,&quot;autoplay&quot;:true,&quot;infinite&quot;:true,&quot;centerMode&quot;:false,&quot;centerPadding&quot;:&quot;50px&quot;,&quot;pauseOnHover&quot;:true,&quot;speed&quot;:500,&quot;arrows&quot;:true,&quot;dots&quot;:true,&quot;variableWidth&quot;:false,&quot;prevArrow&quot;:&quot;.jet-carousel__prev-arrow-1b18877&quot;,&quot;nextArrow&quot;:&quot;.jet-carousel__next-arrow-1b18877&quot;,&quot;rtl&quot;:false,&quot;fractionNav&quot;:false}\" dir=\"ltr\">\n\t<div class=\"elementor-slick-slider\">\n\n<div class=\"jet-carousel__item\">\n\t<div class=\"jet-carousel__item-inner\"><a href=\"https:\/\/www.filo.news\/noticia\/2025\/12\/16\/maria-becerra-hizo-historia-en-river-y-marco-un-antes-y-un-despues-en-los-shows-en-vivo-en-argentina\" class=\"jet-carousel__item-link\" target=\"_blank\" ><img decoding=\"async\" src=\"https:\/\/mariabecerra.live\/wp-content\/uploads\/2025\/12\/1.jpg\" class=\"jet-carousel__item-img\" alt=\"1\" loading=\"lazy\"><\/a><div class=\"jet-carousel__content\"><h5 class=\"jet-carousel__item-title\"><a href=\"https:\/\/www.filo.news\/noticia\/2025\/12\/16\/maria-becerra-hizo-historia-en-river-y-marco-un-antes-y-un-despues-en-los-shows-en-vivo-en-argentina\" target=\"_blank\">Mar\u00eda Becerra hizo historia en River y marc\u00f3 un antes y un despu\u00e9s en los shows en vivo en Argentina<\/a><\/h5><div class=\"jet-carousel__item-text\"><p>Filo.news<\/p><\/div><\/div><\/div>\n<\/div>\n\n<div class=\"jet-carousel__item\">\n\t<div class=\"jet-carousel__item-inner\"><a href=\"https:\/\/mitelefe.com\/entretenimientos\/musica-1\/historico-maria-becerra-se-convirtio-en-la-primera-mujer-en-llenar-cuatro-river-y-ofrecer-un-show-inmersivo-pid2534582\" class=\"jet-carousel__item-link\" target=\"_blank\" ><img decoding=\"async\" src=\"https:\/\/mariabecerra.live\/wp-content\/uploads\/2025\/12\/2.jpg\" class=\"jet-carousel__item-img\" alt=\"2\" loading=\"lazy\"><\/a><div class=\"jet-carousel__content\"><h5 class=\"jet-carousel__item-title\"><a href=\"https:\/\/mitelefe.com\/entretenimientos\/musica-1\/historico-maria-becerra-se-convirtio-en-la-primera-mujer-en-llenar-cuatro-river-y-ofrecer-un-show-inmersivo-pid2534582\" target=\"_blank\">\u00a1Hist\u00f3rico! Mar\u00eda Becerra se convirti\u00f3 en la primera mujer en llenar cuatro River y ofrecer un show inmersivo<\/a><\/h5><div class=\"jet-carousel__item-text\"><p>Mi Telefe<\/p><\/div><\/div><\/div>\n<\/div>\n\n<div class=\"jet-carousel__item\">\n\t<div class=\"jet-carousel__item-inner\"><a href=\"https:\/\/www.eldestapeweb.com\/cultura\/maria-becerra\/maria-becerra-convirtio-river-en-una-pasarela-pop-tini-como-invitada-y-pampita-desfilando-en-una-noche-historica-20251215135634\" class=\"jet-carousel__item-link\" target=\"_blank\" ><img decoding=\"async\" src=\"https:\/\/mariabecerra.live\/wp-content\/uploads\/2025\/12\/3.jpg\" class=\"jet-carousel__item-img\" alt=\"3\" loading=\"lazy\"><\/a><div class=\"jet-carousel__content\"><h5 class=\"jet-carousel__item-title\"><a href=\"https:\/\/www.eldestapeweb.com\/cultura\/maria-becerra\/maria-becerra-convirtio-river-en-una-pasarela-pop-tini-como-invitada-y-pampita-desfilando-en-una-noche-historica-20251215135634\" target=\"_blank\">Maria Becerra convirti\u00f3 River en una pasarela pop: Tini como invitada y Pampita desfilando en una noche hist\u00f3rica<\/a><\/h5><div class=\"jet-carousel__item-text\"><p>El Destape<\/p><\/div><\/div><\/div>\n<\/div>\n\n<div class=\"jet-carousel__item\">\n\t<div class=\"jet-carousel__item-inner\"><a href=\"https:\/\/www.filo.news\/noticia\/2025\/07\/02\/maria-becerra-se-une-a-reebok-como-embajadora-de-la-marca\" class=\"jet-carousel__item-link\" target=\"_blank\" ><img decoding=\"async\" src=\"https:\/\/mariabecerra.live\/wp-content\/uploads\/2025\/07\/notas-mb-2-7.jpg\" class=\"jet-carousel__item-img\" alt=\"notas mb 2-7\" loading=\"lazy\"><\/a><div class=\"jet-carousel__content\"><h5 class=\"jet-carousel__item-title\"><a href=\"https:\/\/www.filo.news\/noticia\/2025\/07\/02\/maria-becerra-se-une-a-reebok-como-embajadora-de-la-marca\" target=\"_blank\">Mar\u00eda Becerra se une a Reebok como embajadora de la marca<\/a><\/h5><div class=\"jet-carousel__item-text\"><p>Filo.news<\/p><\/div><\/div><\/div>\n<\/div>\n\n<div class=\"jet-carousel__item\">\n\t<div class=\"jet-carousel__item-inner\"><a href=\"https:\/\/billboard.ar\/recomendados\/maria-becerra-se-une-a-reebok-como-nueva-embajadora-de-marca\/\" class=\"jet-carousel__item-link\" target=\"_blank\" ><img decoding=\"async\" src=\"https:\/\/mariabecerra.live\/wp-content\/uploads\/2025\/07\/notas-mb-2-7.jpg\" class=\"jet-carousel__item-img\" alt=\"notas mb 2-7\" loading=\"lazy\"><\/a><div class=\"jet-carousel__content\"><h5 class=\"jet-carousel__item-title\"><a href=\"https:\/\/billboard.ar\/recomendados\/maria-becerra-se-une-a-reebok-como-nueva-embajadora-de-marca\/\" target=\"_blank\">Maria Becerra se une a Reebok como nueva embajadora de marca<\/a><\/h5><div class=\"jet-carousel__item-text\"><p>Billboard<\/p><\/div><\/div><\/div>\n<\/div>\n\n<div class=\"jet-carousel__item\">\n\t<div class=\"jet-carousel__item-inner\"><a href=\"https:\/\/www.somosohlala.com\/moda\/maria-becerra-a-solas-su-estilo-su-prenda-favorita-y-el-item-que-siempre-lleva-en-el-bolso-nid26032025\" class=\"jet-carousel__item-link\" target=\"_blank\" ><img decoding=\"async\" src=\"https:\/\/mariabecerra.live\/wp-content\/uploads\/2025\/03\/2-1.jpg\" class=\"jet-carousel__item-img\" alt=\"2\" loading=\"lazy\"><\/a><div class=\"jet-carousel__content\"><h5 class=\"jet-carousel__item-title\"><a href=\"https:\/\/www.somosohlala.com\/moda\/maria-becerra-a-solas-su-estilo-su-prenda-favorita-y-el-item-que-siempre-lleva-en-el-bolso-nid26032025\" target=\"_blank\">Mar\u00eda Becerra: define su estilo, su prenda favorita y el \u00edtem que siempre lleva en el bolso<\/a><\/h5><div class=\"jet-carousel__item-text\"><p>Ohlal\u00e1!<\/p><\/div><\/div><\/div>\n<\/div>\n\n<div class=\"jet-carousel__item\">\n\t<div class=\"jet-carousel__item-inner\"><a href=\"https:\/\/www.billboard.ar\/noticias\/maria-becerra-sobre-selena-30-anos-despues-es-cultura-raices-y-amor\/\" class=\"jet-carousel__item-link\" target=\"_blank\" ><img decoding=\"async\" src=\"https:\/\/mariabecerra.live\/wp-content\/uploads\/2025\/03\/1-1.jpg\" class=\"jet-carousel__item-img\" alt=\"1\" loading=\"lazy\"><\/a><div class=\"jet-carousel__content\"><h5 class=\"jet-carousel__item-title\"><a href=\"https:\/\/www.billboard.ar\/noticias\/maria-becerra-sobre-selena-30-anos-despues-es-cultura-raices-y-amor\/\" target=\"_blank\">Mar\u00eda Becerra sobre Selena, 30 a\u00f1os despu\u00e9s: \u201cEs cultura, ra\u00edces y amor\u201d<\/a><\/h5><div class=\"jet-carousel__item-text\"><p>Billboard<\/p><\/div><\/div><\/div>\n<\/div>\n\n<div class=\"jet-carousel__item\">\n\t<div class=\"jet-carousel__item-inner\"><a href=\"https:\/\/www.revistagq.com\/articulo\/maria-becerra-entrevista-nuevo-disco-gira-criticas\" class=\"jet-carousel__item-link\" target=\"_blank\" ><img decoding=\"async\" src=\"https:\/\/mariabecerra.live\/wp-content\/uploads\/2025\/02\/2-2.jpg\" class=\"jet-carousel__item-img\" alt=\"2\" loading=\"lazy\"><\/a><div class=\"jet-carousel__content\"><h5 class=\"jet-carousel__item-title\"><a href=\"https:\/\/www.revistagq.com\/articulo\/maria-becerra-entrevista-nuevo-disco-gira-criticas\" target=\"_blank\">Mar\u00eda Becerra: \u201cSiempre se pone en duda la composici\u00f3n de mis canciones, como si sentirte segura de ti misma y vestirte sexy no fuera de la mano de ser inteligente, jefa de tu proyecto y tener personas a tu cargo\u201d - Revista GQ<\/a><\/h5><\/div><\/div>\n<\/div>\n\n<div class=\"jet-carousel__item\">\n\t<div class=\"jet-carousel__item-inner\"><a href=\"https:\/\/www.infobae.com\/entretenimiento\/2025\/02\/21\/maria-becerra-estamos-logrando-que-el-genero-urbano-argentino-sea-escuchado-y-apreciado-en-todo-el-mundo\/\" class=\"jet-carousel__item-link\" target=\"_blank\" ><img decoding=\"async\" src=\"https:\/\/mariabecerra.live\/wp-content\/uploads\/2025\/02\/3.jpg\" class=\"jet-carousel__item-img\" alt=\"3\" loading=\"lazy\"><\/a><div class=\"jet-carousel__content\"><h5 class=\"jet-carousel__item-title\"><a href=\"https:\/\/www.infobae.com\/entretenimiento\/2025\/02\/21\/maria-becerra-estamos-logrando-que-el-genero-urbano-argentino-sea-escuchado-y-apreciado-en-todo-el-mundo\/\" target=\"_blank\">Mar\u00eda Becerra: \u201cEstamos logrando que el g\u00e9nero urbano argentino sea escuchado y apreciado en todo el mundo\u201d<\/a><\/h5><div class=\"jet-carousel__item-text\"><p>Infobae<\/p><\/div><\/div><\/div>\n<\/div>\n\n<div class=\"jet-carousel__item\">\n\t<div class=\"jet-carousel__item-inner\"><a href=\"https:\/\/www.cosmopolitan.com\/es\/entretenimiento-cultura\/a63065825\/maria-becerra-entrevista-disco\/\" class=\"jet-carousel__item-link\" target=\"_blank\" ><img decoding=\"async\" src=\"https:\/\/mariabecerra.live\/wp-content\/uploads\/2025\/01\/1.jpg\" class=\"jet-carousel__item-img\" alt=\"1\" loading=\"lazy\"><\/a><div class=\"jet-carousel__content\"><h5 class=\"jet-carousel__item-title\"><a href=\"https:\/\/www.cosmopolitan.com\/es\/entretenimiento-cultura\/a63065825\/maria-becerra-entrevista-disco\/\" target=\"_blank\">Maria Becerra: \"Me gusta lo que veo en el espejo\"<\/a><\/h5><div class=\"jet-carousel__item-text\"><p>Cosmopolitan<\/p><\/div><\/div><\/div>\n<\/div>\n\n<div class=\"jet-carousel__item\">\n\t<div class=\"jet-carousel__item-inner\"><a href=\"https:\/\/caras.perfil.com\/noticias\/tapas\/maria-becerra-soy-una-version-muy-distinta-de-lo-que-era.phtml\" class=\"jet-carousel__item-link\" target=\"_blank\" ><img decoding=\"async\" src=\"https:\/\/mariabecerra.live\/wp-content\/uploads\/2025\/01\/3.jpg\" class=\"jet-carousel__item-img\" alt=\"3\" loading=\"lazy\"><\/a><div class=\"jet-carousel__content\"><h5 class=\"jet-carousel__item-title\"><a href=\"https:\/\/caras.perfil.com\/noticias\/tapas\/maria-becerra-soy-una-version-muy-distinta-de-lo-que-era.phtml\" target=\"_blank\">Mar\u00eda Becerra: \u201cSoy una versi\u00f3n muy distinta de lo que era\"<\/a><\/h5><div class=\"jet-carousel__item-text\"><p>Caras<\/p><\/div><\/div><\/div>\n<\/div>\n\n<div class=\"jet-carousel__item\">\n\t<div class=\"jet-carousel__item-inner\"><a href=\"https:\/\/www.cosmopolitan.com\/es\/revista-cosmopolitan\/a63156964\/maria-becerra-numero-enero-febrero-cosmopolitan\/\" class=\"jet-carousel__item-link\" target=\"_blank\" ><img decoding=\"async\" src=\"https:\/\/mariabecerra.live\/wp-content\/uploads\/2025\/01\/4.jpg\" class=\"jet-carousel__item-img\" alt=\"4\" loading=\"lazy\"><\/a><div class=\"jet-carousel__content\"><h5 class=\"jet-carousel__item-title\"><a href=\"https:\/\/www.cosmopolitan.com\/es\/revista-cosmopolitan\/a63156964\/maria-becerra-numero-enero-febrero-cosmopolitan\/\" target=\"_blank\">Maria Becerra, portada de 'Let's play issue', el n\u00famero de enero\/febrero de COSMOPOLITAN<\/a><\/h5><div class=\"jet-carousel__item-text\"><p>Cosmopolitan<\/p><\/div><\/div><\/div>\n<\/div>\n\n<div class=\"jet-carousel__item\">\n\t<div class=\"jet-carousel__item-inner\"><a href=\"https:\/\/www.cnnchile.com\/cultura\/maria-becerra-gloria-trevi-nueva-cancion-colaboracion-borracha_20240719\/\" class=\"jet-carousel__item-link\" target=\"_blank\" ><img decoding=\"async\" src=\"https:\/\/mariabecerra.live\/wp-content\/uploads\/2024\/07\/1-1.jpg\" class=\"jet-carousel__item-img\" alt=\"1\" loading=\"lazy\"><\/a><div class=\"jet-carousel__content\"><h5 class=\"jet-carousel__item-title\"><a href=\"https:\/\/www.cnnchile.com\/cultura\/maria-becerra-gloria-trevi-nueva-cancion-colaboracion-borracha_20240719\/\" target=\"_blank\">\u201cElla es una leyenda\u201d: Mar\u00eda Becerra, emocionada tras haber colaborado con Gloria Trevi en nueva canci\u00f3n<\/a><\/h5><div class=\"jet-carousel__item-text\"><p>CNN Chile<\/p><\/div><\/div><\/div>\n<\/div>\n\n<div class=\"jet-carousel__item\">\n\t<div class=\"jet-carousel__item-inner\"><a href=\"https:\/\/los40.com\/2024\/07\/19\/maria-becerra-y-gloria-trevi-viajan-a-mexico-en-borracha\/?outputType=amp\" class=\"jet-carousel__item-link\" target=\"_blank\" ><img decoding=\"async\" src=\"https:\/\/mariabecerra.live\/wp-content\/uploads\/2024\/07\/3-1.jpg\" class=\"jet-carousel__item-img\" alt=\"3\" loading=\"lazy\"><\/a><div class=\"jet-carousel__content\"><h5 class=\"jet-carousel__item-title\"><a href=\"https:\/\/los40.com\/2024\/07\/19\/maria-becerra-y-gloria-trevi-viajan-a-mexico-en-borracha\/?outputType=amp\" target=\"_blank\">Mar\u00eda Becerra y Gloria Trevi viajan a M\u00e9xico en 'BORRACHA'<\/a><\/h5><div class=\"jet-carousel__item-text\"><p>Los 40<\/p><\/div><\/div><\/div>\n<\/div>\n\n<div class=\"jet-carousel__item\">\n\t<div class=\"jet-carousel__item-inner\"><a href=\"https:\/\/efe.com\/cataluna\/2024-07-11\/maria-becerra-siempre-trato-de-representar-a-argentina-de-la-mejor-manera-posible\/\" class=\"jet-carousel__item-link\" target=\"_blank\" ><img decoding=\"async\" src=\"https:\/\/mariabecerra.live\/wp-content\/uploads\/2024\/07\/1.jpg\" class=\"jet-carousel__item-img\" alt=\"1\" loading=\"lazy\"><\/a><div class=\"jet-carousel__content\"><h5 class=\"jet-carousel__item-title\"><a href=\"https:\/\/efe.com\/cataluna\/2024-07-11\/maria-becerra-siempre-trato-de-representar-a-argentina-de-la-mejor-manera-posible\/\" target=\"_blank\">Mar\u00eda Becerra: \u201cSiempre trato de representar a Argentina de la mejor manera posible\u201d<\/a><\/h5><div class=\"jet-carousel__item-text\"><p>EFE<\/p><\/div><\/div><\/div>\n<\/div>\n\n<div class=\"jet-carousel__item\">\n\t<div class=\"jet-carousel__item-inner\"><a href=\"https:\/\/www.elpais.com.uy\/tvshow\/series\/maria-becerra-pone-fin-a-los-rumores-y-se-suma-al-spin-off-de-el-marginal-para-su-debut-en-serie-de-netflix\" class=\"jet-carousel__item-link\" target=\"_blank\" ><img decoding=\"async\" src=\"https:\/\/mariabecerra.live\/wp-content\/uploads\/2024\/07\/2.jpg\" class=\"jet-carousel__item-img\" alt=\"2\" loading=\"lazy\"><\/a><div class=\"jet-carousel__content\"><h5 class=\"jet-carousel__item-title\"><a href=\"https:\/\/www.elpais.com.uy\/tvshow\/series\/maria-becerra-pone-fin-a-los-rumores-y-se-suma-al-spin-off-de-el-marginal-para-su-debut-en-serie-de-netflix\" target=\"_blank\">Mar\u00eda Becerra pone fin a los rumores y se suma al spin-off de \"El marginal\" para su debut en serie de Netflix<\/a><\/h5><div class=\"jet-carousel__item-text\"><p>El Pa\u00eds<\/p><\/div><\/div><\/div>\n<\/div>\n\n<div class=\"jet-carousel__item\">\n\t<div class=\"jet-carousel__item-inner\"><a href=\"https:\/\/www.infobae.com\/america\/agencias\/2024\/07\/11\/maria-becerra-siempre-trato-de-representar-a-argentina-de-la-mejor-manera-posible\/\" class=\"jet-carousel__item-link\" target=\"_blank\" ><img decoding=\"async\" src=\"https:\/\/mariabecerra.live\/wp-content\/uploads\/2024\/07\/Maria-Becerra-Siempre-trato-de-representar-a-Argentina-de-la-mejor-manera-posible.jpg\" class=\"jet-carousel__item-img\" alt=\"Mar\u00eda Becerra Siempre trato de representar a Argentina de la mejor manera posible\" loading=\"lazy\"><\/a><div class=\"jet-carousel__content\"><h5 class=\"jet-carousel__item-title\"><a href=\"https:\/\/www.infobae.com\/america\/agencias\/2024\/07\/11\/maria-becerra-siempre-trato-de-representar-a-argentina-de-la-mejor-manera-posible\/\" target=\"_blank\">Mar\u00eda Becerra: \"Siempre trato de representar a Argentina de la mejor manera posible\"<\/a><\/h5><div class=\"jet-carousel__item-text\"><p>Infobae<\/p><\/div><\/div><\/div>\n<\/div>\n\n<div class=\"jet-carousel__item\">\n\t<div class=\"jet-carousel__item-inner\"><a href=\"https:\/\/www.somosohlala.com\/espectaculos\/series\/maria-becerra-debuta-como-actriz-en-el-spin-off-femenino-de-el-marginal-asi-sera-en-el-barro-nid08072024\" class=\"jet-carousel__item-link\" target=\"_blank\" ><img decoding=\"async\" src=\"https:\/\/mariabecerra.live\/wp-content\/uploads\/2024\/07\/Maria-Becerra-debuta-como-actriz-en-el-spin-off-femenino-de-El-Marginal-asi-sera-En-el-barro.jpg\" class=\"jet-carousel__item-img\" alt=\"Maria Becerra debuta como actriz en el spin-off femenino de El Marginal as\u00ed ser\u00e1 En el barro\" loading=\"lazy\"><\/a><div class=\"jet-carousel__content\"><h5 class=\"jet-carousel__item-title\"><a href=\"https:\/\/www.somosohlala.com\/espectaculos\/series\/maria-becerra-debuta-como-actriz-en-el-spin-off-femenino-de-el-marginal-asi-sera-en-el-barro-nid08072024\" target=\"_blank\">Maria Becerra debuta como actriz en el spin-off femenino de El Marginal: as\u00ed ser\u00e1 En el barro<\/a><\/h5><div class=\"jet-carousel__item-text\"><p>Ohlal\u00e1!<\/p><\/div><\/div><\/div>\n<\/div>\n\n<div class=\"jet-carousel__item\">\n\t<div class=\"jet-carousel__item-inner\"><a href=\"https:\/\/www.clarin.com\/espectaculos\/maria-becerra-gira-mundial-prueba-cine-casa_0_xrPTBRlvDj.html\" class=\"jet-carousel__item-link\" target=\"_blank\" ><img decoding=\"async\" src=\"https:\/\/mariabecerra.live\/wp-content\/uploads\/2024\/06\/Maria-Becerra-antes-de-la-gira-mundial-se-prueba-en-el-cine.jpg\" class=\"jet-carousel__item-img\" alt=\"Mar\u00eda Becerra, antes de la gira mundial se prueba en el cine\" loading=\"lazy\"><\/a><div class=\"jet-carousel__content\"><h5 class=\"jet-carousel__item-title\"><a href=\"https:\/\/www.clarin.com\/espectaculos\/maria-becerra-gira-mundial-prueba-cine-casa_0_xrPTBRlvDj.html\" target=\"_blank\">Mar\u00eda Becerra, antes de la gira mundial se prueba en el cine<\/a><\/h5><div class=\"jet-carousel__item-text\"><p>Clar\u00edn<\/p><\/div><\/div><\/div>\n<\/div>\n\n<div class=\"jet-carousel__item\">\n\t<div class=\"jet-carousel__item-inner\"><a href=\"https:\/\/tn.com.ar\/estilo\/celebridades\/2024\/06\/13\/maria-becerra-brillo-en-la-avant-premiere-de-su-nueva-pelicula-con-un-minivestido-escotadisimo\/\" class=\"jet-carousel__item-link\" target=\"_blank\" ><img decoding=\"async\" src=\"https:\/\/mariabecerra.live\/wp-content\/uploads\/2024\/06\/1-2.jpg\" class=\"jet-carousel__item-img\" alt=\"1\" loading=\"lazy\"><\/a><div class=\"jet-carousel__content\"><h5 class=\"jet-carousel__item-title\"><a href=\"https:\/\/tn.com.ar\/estilo\/celebridades\/2024\/06\/13\/maria-becerra-brillo-en-la-avant-premiere-de-su-nueva-pelicula-con-un-minivestido-escotadisimo\/\" target=\"_blank\">Mar\u00eda Becerra brill\u00f3 en la avant premiere de su nueva pel\u00edcula con un minivestido escotad\u00edsimo<\/a><\/h5><div class=\"jet-carousel__item-text\"><p>TN<\/p><\/div><\/div><\/div>\n<\/div>\n\n<div class=\"jet-carousel__item\">\n\t<div class=\"jet-carousel__item-inner\"><a href=\"https:\/\/los40.com\/2024\/04\/22\/maria-becerra-se-teletransporta-el-sabado-en-la-kings-queens-finals-el-domingo-en-coachella-con-j-balvin\/\" class=\"jet-carousel__item-link\" target=\"_blank\" ><img decoding=\"async\" src=\"https:\/\/mariabecerra.live\/wp-content\/uploads\/2024\/04\/1-2.jpg\" class=\"jet-carousel__item-img\" alt=\"1\" loading=\"lazy\"><\/a><div class=\"jet-carousel__content\"><h5 class=\"jet-carousel__item-title\"><a href=\"https:\/\/los40.com\/2024\/04\/22\/maria-becerra-se-teletransporta-el-sabado-en-la-kings-queens-finals-el-domingo-en-coachella-con-j-balvin\/\" target=\"_blank\">Mar\u00eda Becerra se teletransporta: el s\u00e1bado en la Kings & Queens Finals, el domingo en Coachella con J Balvin<\/a><\/h5><div class=\"jet-carousel__item-text\"><p>Los 40<\/p><\/div><\/div><\/div>\n<\/div>\n\n<div class=\"jet-carousel__item\">\n\t<div class=\"jet-carousel__item-inner\"><a href=\"https:\/\/www.latimes.com\/espanol\/entretenimiento\/articulo\/2024-04-01\/maria-becerra-sobre-sus-conciertos-en-el-river-es-muy-surreal-todavia-todo\" class=\"jet-carousel__item-link\" target=\"_blank\" ><img decoding=\"async\" src=\"https:\/\/mariabecerra.live\/wp-content\/uploads\/2024\/04\/latimes.jpg\" class=\"jet-carousel__item-img\" alt=\"latimes\" loading=\"lazy\"><\/a><div class=\"jet-carousel__content\"><h5 class=\"jet-carousel__item-title\"><a href=\"https:\/\/www.latimes.com\/espanol\/entretenimiento\/articulo\/2024-04-01\/maria-becerra-sobre-sus-conciertos-en-el-river-es-muy-surreal-todavia-todo\" target=\"_blank\">Mar\u00eda Becerra sobre sus conciertos en el River: \u2018Es muy surreal todav\u00eda todo\u2019<\/a><\/h5><div class=\"jet-carousel__item-text\"><p>Los Angeles Times<\/p><\/div><\/div><\/div>\n<\/div>\n\n<div class=\"jet-carousel__item\">\n\t<div class=\"jet-carousel__item-inner\"><a href=\"https:\/\/billboard.ar\/maria-becerra-hizo-historia-en-river-plate\/\" class=\"jet-carousel__item-link\" target=\"_blank\" ><img decoding=\"async\" src=\"https:\/\/mariabecerra.live\/wp-content\/uploads\/2024\/04\/billboard.jpg\" class=\"jet-carousel__item-img\" alt=\"billboard\" loading=\"lazy\"><\/a><div class=\"jet-carousel__content\"><h5 class=\"jet-carousel__item-title\"><a href=\"https:\/\/billboard.ar\/maria-becerra-hizo-historia-en-river-plate\/\" target=\"_blank\">Maria Becerra hizo historia en River Plate<\/a><\/h5><div class=\"jet-carousel__item-text\"><p>Billboard<\/p><\/div><\/div><\/div>\n<\/div>\n\n<div class=\"jet-carousel__item\">\n\t<div class=\"jet-carousel__item-inner\"><a href=\"https:\/\/tn.com.ar\/musica\/noticias\/2024\/03\/25\/maria-becerra-hizo-historia-en-river-cumplieron-el-sueno-de-mi-vida\/\" class=\"jet-carousel__item-link\" target=\"_blank\" ><img decoding=\"async\" src=\"https:\/\/mariabecerra.live\/wp-content\/uploads\/2024\/04\/tn.jpg\" class=\"jet-carousel__item-img\" alt=\"tn\" loading=\"lazy\"><\/a><div class=\"jet-carousel__content\"><h5 class=\"jet-carousel__item-title\"><a href=\"https:\/\/tn.com.ar\/musica\/noticias\/2024\/03\/25\/maria-becerra-hizo-historia-en-river-cumplieron-el-sueno-de-mi-vida\/\" target=\"_blank\">Mar\u00eda Becerra hizo historia en River: \u201cCumplieron el sue\u00f1o de mi vida\u201d<\/a><\/h5><div class=\"jet-carousel__item-text\"><p>TN<\/p><\/div><\/div><\/div>\n<\/div>\n\n<div class=\"jet-carousel__item\">\n\t<div class=\"jet-carousel__item-inner\"><a href=\"https:\/\/www.qmusica.tv\/Noticia\/mar%C3%ADa-becerra-hizo-historia-en-river-con-dos-shows-inolvidables\/5191\" class=\"jet-carousel__item-link\" target=\"_blank\" ><img decoding=\"async\" src=\"https:\/\/mariabecerra.live\/wp-content\/uploads\/2024\/04\/qmusica.jpg\" class=\"jet-carousel__item-img\" alt=\"qmusica\" loading=\"lazy\"><\/a><div class=\"jet-carousel__content\"><h5 class=\"jet-carousel__item-title\"><a href=\"https:\/\/www.qmusica.tv\/Noticia\/mar%C3%ADa-becerra-hizo-historia-en-river-con-dos-shows-inolvidables\/5191\" target=\"_blank\">Mar\u00eda Becerra hizo historia en River, con dos shows inolvidables<\/a><\/h5><div class=\"jet-carousel__item-text\"><p>Q M\u00fasica<\/p><\/div><\/div><\/div>\n<\/div>\n\n<div class=\"jet-carousel__item\">\n\t<div class=\"jet-carousel__item-inner\"><a href=\"https:\/\/www.latercera.com\/culto\/2024\/01\/30\/maria-becerra-habla-del-festival-de-vina-y-del-caso-peso-pluma-no-podemos-estar-censurando-a-los-artistas\/\" class=\"jet-carousel__item-link\" target=\"_blank\" ><img decoding=\"async\" src=\"https:\/\/mariabecerra.live\/wp-content\/uploads\/2024\/02\/latercera.jpg\" class=\"jet-carousel__item-img\" alt=\"latercera\" loading=\"lazy\"><\/a><div class=\"jet-carousel__content\"><h5 class=\"jet-carousel__item-title\"><a href=\"https:\/\/www.latercera.com\/culto\/2024\/01\/30\/maria-becerra-habla-del-festival-de-vina-y-del-caso-peso-pluma-no-podemos-estar-censurando-a-los-artistas\/\" target=\"_blank\">Mar\u00eda Becerra habla del Festival de Vi\u00f1a y del caso Peso Pluma: \u201cNo podemos estar censurando a los artistas\u201d<\/a><\/h5><div class=\"jet-carousel__item-text\"><p>La Tercera<\/p><\/div><\/div><\/div>\n<\/div>\n<\/div><div class=\"jet-carousel__prev-arrow-1b18877 jet-arrow prev-arrow\"><i aria-hidden=\"true\" class=\"fas fa-angle-left\"><\/i><\/div><div class=\"jet-carousel__next-arrow-1b18877 jet-arrow next-arrow\"><i aria-hidden=\"true\" class=\"fas fa-angle-right\"><\/i><\/div><\/div>\n<\/div>\n<\/div>\t\t\t\t<\/div>\n\t\t\t\t<\/div>\n\t\t\t\t<div class=\"elementor-element elementor-element-509497b elementor-widget elementor-widget-spacer\" data-id=\"509497b\" data-element_type=\"widget\" data-e-type=\"widget\" data-widget_type=\"spacer.default\">\n\t\t\t\t<div class=\"elementor-widget-container\">\n\t\t\t\t\t\t\t<div class=\"elementor-spacer\">\n\t\t\t<div class=\"elementor-spacer-inner\"><\/div>\n\t\t<\/div>\n\t\t\t\t\t\t<\/div>\n\t\t\t\t<\/div>\n\t\t\t\t<section class=\"elementor-section elementor-inner-section elementor-element elementor-element-b086f1f elementor-section-boxed elementor-section-height-default elementor-section-height-default\" data-id=\"b086f1f\" data-element_type=\"section\" data-e-type=\"section\" data-settings=\"{&quot;jet_parallax_layout_list&quot;:[]}\">\n\t\t\t\t\t\t<div class=\"elementor-container elementor-column-gap-default\">\n\t\t\t\t\t<div class=\"elementor-column elementor-col-100 elementor-inner-column elementor-element elementor-element-0984c1d\" data-id=\"0984c1d\" data-element_type=\"column\" data-e-type=\"column\">\n\t\t\t<div class=\"elementor-widget-wrap elementor-element-populated\">\n\t\t\t\t\t\t<div class=\"elementor-element elementor-element-93234e5 elementor-align-center elementor-mobile-align-center elementor-widget elementor-widget-button\" data-id=\"93234e5\" data-element_type=\"widget\" data-e-type=\"widget\" data-widget_type=\"button.default\">\n\t\t\t\t<div class=\"elementor-widget-container\">\n\t\t\t\t\t\t\t\t\t<div class=\"elementor-button-wrapper\">\n\t\t\t\t\t<a class=\"elementor-button elementor-button-link elementor-size-sm elementor-animation-shrink\" href=\"mailto:pr@mariabecerra.live\" target=\"_blank\">\n\t\t\t\t\t\t<span class=\"elementor-button-content-wrapper\">\n\t\t\t\t\t\t<span class=\"elementor-button-icon\">\n\t\t\t\t<i aria-hidden=\"true\" class=\"fas fa-envelope\"><\/i>\t\t\t<\/span>\n\t\t\t\t\t\t\t\t\t<span class=\"elementor-button-text\">PRENSA<\/span>\n\t\t\t\t\t<\/span>\n\t\t\t\t\t<\/a>\n\t\t\t\t<\/div>\n\t\t\t\t\t\t\t\t<\/div>\n\t\t\t\t<\/div>\n\t\t\t\t\t<\/div>\n\t\t<\/div>\n\t\t\t\t\t<\/div>\n\t\t<\/section>\n\t\t\t\t<div class=\"elementor-element elementor-element-4b6506a elementor-widget elementor-widget-spacer\" data-id=\"4b6506a\" data-element_type=\"widget\" data-e-type=\"widget\" data-widget_type=\"spacer.default\">\n\t\t\t\t<div class=\"elementor-widget-container\">\n\t\t\t\t\t\t\t<div class=\"elementor-spacer\">\n\t\t\t<div class=\"elementor-spacer-inner\"><\/div>\n\t\t<\/div>\n\t\t\t\t\t\t<\/div>\n\t\t\t\t<\/div>\n\t\t\t\t\t<\/div>\n\t\t<\/div>\n\t\t\t\t\t<\/div>\n\t\t<\/section>\n\t\t\t\t<\/div>\n\t\t","protected":false},"excerpt":{"rendered":"<p>PRENSA Mar\u00eda Becerra hizo historia en River y marc\u00f3 un antes y un despu\u00e9s en los shows en vivo en Argentina Filo.news \u00a1Hist\u00f3rico! Mar\u00eda Becerra se convirti\u00f3 en la primera mujer en llenar cuatro River y ofrecer un show inmersivo Mi Telefe Maria Becerra convirti\u00f3 River en una pasarela pop: Tini como invitada y Pampita [&hellip;]<\/p>\n","protected":false},"author":1,"featured_media":0,"parent":0,"menu_order":0,"comment_status":"closed","ping_status":"closed","template":"elementor_header_footer","meta":{"om_disable_all_campaigns":false,"_monsterinsights_skip_tracking":false,"_monsterinsights_sitenote_active":false,"_monsterinsights_sitenote_note":"","_monsterinsights_sitenote_category":0,"footnotes":""},"class_list":["post-1328","page","type-page","status-publish","hentry"],"yoast_head":"<!-- This site is optimized with the Yoast SEO Premium plugin v22.9 (Yoast SEO v26.8) - https:\/\/yoast.com\/product\/yoast-seo-premium-wordpress\/ -->\n<title>Prensa - Maria Becerra<\/title>\n<meta name=\"robots\" content=\"index, follow, max-snippet:-1, max-image-preview:large, max-video-preview:-1\" \/>\n<link rel=\"canonical\" href=\"https:\/\/mariabecerra.live\/en\/prensa\/\" \/>\n<meta property=\"og:locale\" content=\"en_US\" \/>\n<meta property=\"og:type\" content=\"article\" \/>\n<meta property=\"og:title\" content=\"Prensa\" \/>\n<meta property=\"og:description\" content=\"PRENSA Mar\u00eda Becerra hizo historia en River y marc\u00f3 un antes y un despu\u00e9s en los shows en vivo en Argentina Filo.news \u00a1Hist\u00f3rico! Mar\u00eda Becerra se convirti\u00f3 en la primera mujer en llenar cuatro River y ofrecer un show inmersivo Mi Telefe Maria Becerra convirti\u00f3 River en una pasarela pop: Tini como invitada y Pampita [&hellip;]\" \/>\n<meta property=\"og:url\" content=\"https:\/\/mariabecerra.live\/en\/prensa\/\" \/>\n<meta property=\"og:site_name\" content=\"Maria Becerra\" \/>\n<meta property=\"article:modified_time\" content=\"2025-12-23T16:42:26+00:00\" \/>\n<meta property=\"og:image\" content=\"https:\/\/mariabecerra.live\/wp-content\/uploads\/2025\/12\/1.jpg\" \/>\n<meta name=\"twitter:card\" content=\"summary_large_image\" \/>\n<meta name=\"twitter:label1\" content=\"Est. reading time\" \/>\n\t<meta name=\"twitter:data1\" content=\"16 minutes\" \/>\n<script type=\"application\/ld+json\" class=\"yoast-schema-graph\">{\"@context\":\"https:\/\/schema.org\",\"@graph\":[{\"@type\":\"WebPage\",\"@id\":\"https:\/\/mariabecerra.live\/prensa\/\",\"url\":\"https:\/\/mariabecerra.live\/prensa\/\",\"name\":\"Prensa - Maria Becerra\",\"isPartOf\":{\"@id\":\"https:\/\/mariabecerra.live\/#website\"},\"primaryImageOfPage\":{\"@id\":\"https:\/\/mariabecerra.live\/prensa\/#primaryimage\"},\"image\":{\"@id\":\"https:\/\/mariabecerra.live\/prensa\/#primaryimage\"},\"thumbnailUrl\":\"https:\/\/mariabecerra.live\/wp-content\/uploads\/2025\/12\/1.jpg\",\"datePublished\":\"2024-03-13T00:09:54+00:00\",\"dateModified\":\"2025-12-23T16:42:26+00:00\",\"breadcrumb\":{\"@id\":\"https:\/\/mariabecerra.live\/prensa\/#breadcrumb\"},\"inLanguage\":\"en-US\",\"potentialAction\":[{\"@type\":\"ReadAction\",\"target\":[\"https:\/\/mariabecerra.live\/prensa\/\"]}]},{\"@type\":\"ImageObject\",\"inLanguage\":\"en-US\",\"@id\":\"https:\/\/mariabecerra.live\/prensa\/#primaryimage\",\"url\":\"https:\/\/mariabecerra.live\/wp-content\/uploads\/2025\/12\/1.jpg\",\"contentUrl\":\"https:\/\/mariabecerra.live\/wp-content\/uploads\/2025\/12\/1.jpg\"},{\"@type\":\"BreadcrumbList\",\"@id\":\"https:\/\/mariabecerra.live\/prensa\/#breadcrumb\",\"itemListElement\":[{\"@type\":\"ListItem\",\"position\":1,\"name\":\"Portada\",\"item\":\"https:\/\/mariabecerra.live\/\"},{\"@type\":\"ListItem\",\"position\":2,\"name\":\"Prensa\"}]},{\"@type\":\"WebSite\",\"@id\":\"https:\/\/mariabecerra.live\/#website\",\"url\":\"https:\/\/mariabecerra.live\/\",\"name\":\"Maria Becerra\",\"description\":\"\",\"publisher\":{\"@id\":\"https:\/\/mariabecerra.live\/#organization\"},\"potentialAction\":[{\"@type\":\"SearchAction\",\"target\":{\"@type\":\"EntryPoint\",\"urlTemplate\":\"https:\/\/mariabecerra.live\/?s={search_term_string}\"},\"query-input\":{\"@type\":\"PropertyValueSpecification\",\"valueRequired\":true,\"valueName\":\"search_term_string\"}}],\"inLanguage\":\"en-US\"},{\"@type\":\"Organization\",\"@id\":\"https:\/\/mariabecerra.live\/#organization\",\"name\":\"Maria Becerra\",\"url\":\"https:\/\/mariabecerra.live\/\",\"logo\":{\"@type\":\"ImageObject\",\"inLanguage\":\"en-US\",\"@id\":\"https:\/\/mariabecerra.live\/#\/schema\/logo\/image\/\",\"url\":\"https:\/\/mariabecerra.live\/wp-content\/uploads\/2023\/06\/cropped-LOGO-MARIA-BECERRA-NEGRO-1.png\",\"contentUrl\":\"https:\/\/mariabecerra.live\/wp-content\/uploads\/2023\/06\/cropped-LOGO-MARIA-BECERRA-NEGRO-1.png\",\"width\":512,\"height\":512,\"caption\":\"Maria Becerra\"},\"image\":{\"@id\":\"https:\/\/mariabecerra.live\/#\/schema\/logo\/image\/\"}}]}<\/script>\n<!-- \/ Yoast SEO Premium plugin. -->","yoast_head_json":{"title":"Prensa - Maria Becerra","robots":{"index":"index","follow":"follow","max-snippet":"max-snippet:-1","max-image-preview":"max-image-preview:large","max-video-preview":"max-video-preview:-1"},"canonical":"https:\/\/mariabecerra.live\/en\/prensa\/","og_locale":"en_US","og_type":"article","og_title":"Prensa","og_description":"PRENSA Mar\u00eda Becerra hizo historia en River y marc\u00f3 un antes y un despu\u00e9s en los shows en vivo en Argentina Filo.news \u00a1Hist\u00f3rico! Mar\u00eda Becerra se convirti\u00f3 en la primera mujer en llenar cuatro River y ofrecer un show inmersivo Mi Telefe Maria Becerra convirti\u00f3 River en una pasarela pop: Tini como invitada y Pampita [&hellip;]","og_url":"https:\/\/mariabecerra.live\/en\/prensa\/","og_site_name":"Maria Becerra","article_modified_time":"2025-12-23T16:42:26+00:00","og_image":[{"url":"https:\/\/mariabecerra.live\/wp-content\/uploads\/2025\/12\/1.jpg","type":"","width":"","height":""}],"twitter_card":"summary_large_image","twitter_misc":{"Est. reading time":"16 minutes"},"schema":{"@context":"https:\/\/schema.org","@graph":[{"@type":"WebPage","@id":"https:\/\/mariabecerra.live\/prensa\/","url":"https:\/\/mariabecerra.live\/prensa\/","name":"Prensa - Maria Becerra","isPartOf":{"@id":"https:\/\/mariabecerra.live\/#website"},"primaryImageOfPage":{"@id":"https:\/\/mariabecerra.live\/prensa\/#primaryimage"},"image":{"@id":"https:\/\/mariabecerra.live\/prensa\/#primaryimage"},"thumbnailUrl":"https:\/\/mariabecerra.live\/wp-content\/uploads\/2025\/12\/1.jpg","datePublished":"2024-03-13T00:09:54+00:00","dateModified":"2025-12-23T16:42:26+00:00","breadcrumb":{"@id":"https:\/\/mariabecerra.live\/prensa\/#breadcrumb"},"inLanguage":"en-US","potentialAction":[{"@type":"ReadAction","target":["https:\/\/mariabecerra.live\/prensa\/"]}]},{"@type":"ImageObject","inLanguage":"en-US","@id":"https:\/\/mariabecerra.live\/prensa\/#primaryimage","url":"https:\/\/mariabecerra.live\/wp-content\/uploads\/2025\/12\/1.jpg","contentUrl":"https:\/\/mariabecerra.live\/wp-content\/uploads\/2025\/12\/1.jpg"},{"@type":"BreadcrumbList","@id":"https:\/\/mariabecerra.live\/prensa\/#breadcrumb","itemListElement":[{"@type":"ListItem","position":1,"name":"Portada","item":"https:\/\/mariabecerra.live\/"},{"@type":"ListItem","position":2,"name":"Prensa"}]},{"@type":"WebSite","@id":"https:\/\/mariabecerra.live\/#website","url":"https:\/\/mariabecerra.live\/","name":"Maria Becerra","description":"","publisher":{"@id":"https:\/\/mariabecerra.live\/#organization"},"potentialAction":[{"@type":"SearchAction","target":{"@type":"EntryPoint","urlTemplate":"https:\/\/mariabecerra.live\/?s={search_term_string}"},"query-input":{"@type":"PropertyValueSpecification","valueRequired":true,"valueName":"search_term_string"}}],"inLanguage":"en-US"},{"@type":"Organization","@id":"https:\/\/mariabecerra.live\/#organization","name":"Maria Becerra","url":"https:\/\/mariabecerra.live\/","logo":{"@type":"ImageObject","inLanguage":"en-US","@id":"https:\/\/mariabecerra.live\/#\/schema\/logo\/image\/","url":"https:\/\/mariabecerra.live\/wp-content\/uploads\/2023\/06\/cropped-LOGO-MARIA-BECERRA-NEGRO-1.png","contentUrl":"https:\/\/mariabecerra.live\/wp-content\/uploads\/2023\/06\/cropped-LOGO-MARIA-BECERRA-NEGRO-1.png","width":512,"height":512,"caption":"Maria Becerra"},"image":{"@id":"https:\/\/mariabecerra.live\/#\/schema\/logo\/image\/"}}]}},"_links":{"self":[{"href":"https:\/\/mariabecerra.live\/en\/wp-json\/wp\/v2\/pages\/1328","targetHints":{"allow":["GET"]}}],"collection":[{"href":"https:\/\/mariabecerra.live\/en\/wp-json\/wp\/v2\/pages"}],"about":[{"href":"https:\/\/mariabecerra.live\/en\/wp-json\/wp\/v2\/types\/page"}],"author":[{"embeddable":true,"href":"https:\/\/mariabecerra.live\/en\/wp-json\/wp\/v2\/users\/1"}],"replies":[{"embeddable":true,"href":"https:\/\/mariabecerra.live\/en\/wp-json\/wp\/v2\/comments?post=1328"}],"version-history":[{"count":78,"href":"https:\/\/mariabecerra.live\/en\/wp-json\/wp\/v2\/pages\/1328\/revisions"}],"predecessor-version":[{"id":3034,"href":"https:\/\/mariabecerra.live\/en\/wp-json\/wp\/v2\/pages\/1328\/revisions\/3034"}],"wp:attachment":[{"href":"https:\/\/mariabecerra.live\/en\/wp-json\/wp\/v2\/media?parent=1328"}],"curies":[{"name":"wp","href":"https:\/\/api.w.org\/{rel}","templated":true}]}}